{"id":792,"date":"2019-01-11T14:47:03","date_gmt":"2019-01-11T20:47:03","guid":{"rendered":"http:\/\/perfilesbosch.com.mx\/app\/?post_type=product&#038;p=792"},"modified":"2019-01-11T14:50:58","modified_gmt":"2019-01-11T20:50:58","slug":"caja-de-piecerio-vg90x90x375","status":"publish","type":"product","link":"https:\/\/perfilesbosch.com.mx\/app\/producto\/caja-de-piecerio-vg90x90x375\/","title":{"rendered":"Caja de piecerio VG90X90X375"},"content":{"rendered":"<ul>\n<li>C\u00f3moda disposici\u00f3n de piezas peque\u00f1as como tuercas y tornillos en el puesto de trabajo<\/li>\n<\/ul>\n<p><img fetchpriority=\"high\" decoding=\"async\" class=\"alignnone wp-image-767\" src=\"http:\/\/perfilesbosch.com.mx\/app\/wp-content\/uploads\/2019\/01\/DIAGRAMA-1.png\" alt=\"\" width=\"309\" height=\"309\" srcset=\"https:\/\/perfilesbosch.com.mx\/app\/wp-content\/uploads\/2019\/01\/DIAGRAMA-1.png 133w, https:\/\/perfilesbosch.com.mx\/app\/wp-content\/uploads\/2019\/01\/DIAGRAMA-1-90x90.png 90w, https:\/\/perfilesbosch.com.mx\/app\/wp-content\/uploads\/2019\/01\/DIAGRAMA-1-100x100.png 100w\" sizes=\"(max-width: 309px) 100vw, 309px\" \/><\/p>\n<p>&nbsp;<\/p>\n","protected":false},"excerpt":{"rendered":"<ul>\n<li>Cajas de piecerio Vario en 3 tama\u00f1os est\u00e1ndar<\/li>\n<li>Para posicionar al montar una pila de cajas de piecerio, requiere Taco guiado M5 (3842523142) Y Tornillo M5X6 (No incluido)<\/li>\n<\/ul>\n<p><img decoding=\"async\" class=\"alignnone wp-image-678\" src=\"http:\/\/perfilesbosch.com.mx\/app\/wp-content\/uploads\/2019\/01\/795615-300x300.png\" alt=\"\" width=\"31\" height=\"31\" srcset=\"https:\/\/perfilesbosch.com.mx\/app\/wp-content\/uploads\/2019\/01\/795615-300x300.png 300w, https:\/\/perfilesbosch.com.mx\/app\/wp-content\/uploads\/2019\/01\/795615-230x230.png 230w, https:\/\/perfilesbosch.com.mx\/app\/wp-content\/uploads\/2019\/01\/795615-160x160.png 160w, https:\/\/perfilesbosch.com.mx\/app\/wp-content\/uploads\/2019\/01\/795615-400x400.png 400w, https:\/\/perfilesbosch.com.mx\/app\/wp-content\/uploads\/2019\/01\/795615-150x150.png 150w, https:\/\/perfilesbosch.com.mx\/app\/wp-content\/uploads\/2019\/01\/795615.png 512w\" sizes=\"(max-width: 31px) 100vw, 31px\" \/>\u00a0No.\u00a03842526622<\/p>\n","protected":false},"featured_media":796,"template":"","meta":[],"product_brand":[],"product_cat":[35,42],"product_tag":[],"class_list":{"0":"post-792","1":"product","2":"type-product","3":"status-publish","4":"has-post-thumbnail","6":"product_cat-accesorios-de-perfileria","7":"product_cat-racks-y-piecerios","9":"first","10":"instock","11":"featured","12":"shipping-taxable","13":"purchasable","14":"product-type-variable"},"_links":{"self":[{"href":"https:\/\/perfilesbosch.com.mx\/app\/wp-json\/wp\/v2\/product\/792","targetHints":{"allow":["GET"]}}],"collection":[{"href":"https:\/\/perfilesbosch.com.mx\/app\/wp-json\/wp\/v2\/product"}],"about":[{"href":"https:\/\/perfilesbosch.com.mx\/app\/wp-json\/wp\/v2\/types\/product"}],"version-history":[{"count":0,"href":"https:\/\/perfilesbosch.com.mx\/app\/wp-json\/wp\/v2\/product\/792\/revisions"}],"wp:featuredmedia":[{"embeddable":true,"href":"https:\/\/perfilesbosch.com.mx\/app\/wp-json\/wp\/v2\/media\/796"}],"wp:attachment":[{"href":"https:\/\/perfilesbosch.com.mx\/app\/wp-json\/wp\/v2\/media?parent=792"}],"wp:term":[{"taxonomy":"product_brand","embeddable":true,"href":"https:\/\/perfilesbosch.com.mx\/app\/wp-json\/wp\/v2\/product_brand?post=792"},{"taxonomy":"product_cat","embeddable":true,"href":"https:\/\/perfilesbosch.com.mx\/app\/wp-json\/wp\/v2\/product_cat?post=792"},{"taxonomy":"product_tag","embeddable":true,"href":"https:\/\/perfilesbosch.com.mx\/app\/wp-json\/wp\/v2\/product_tag?post=792"}],"curies":[{"name":"wp","href":"https:\/\/api.w.org\/{rel}","templated":true}]}}